{"id":1157,"date":"2023-02-13T07:49:26","date_gmt":"2023-02-13T06:49:26","guid":{"rendered":"https:\/\/cyberawareness.sk\/?page_id=1157"},"modified":"2023-04-17T00:40:10","modified_gmt":"2023-04-16T22:40:10","slug":"projekt","status":"publish","type":"page","link":"https:\/\/cyberawareness.sk\/en\/projekt\/","title":{"rendered":"Project <strong>IBtreba\u017ei\u0165<\/strong>"},"content":{"rendered":"<!-- wp:extendstudio\/materialis--><div  data-label=\"About\" data-id=\"about--1\" data-export-id=\"about-5\" data-category=\"about\" class=\"about-5 content-section content-section-spacing-large\" id=\"about-1\" style=\"background-color: rgb(255, 255, 255);\"><div  class=\"gridContainer\"> <div  class=\"row middle-sm text-center\"><div  class=\"col-xs-12 col-sm-6 space-bottom-xs\" data-type=\"column\"> <h2  class=\"\"><b ><span  style=\"font-family: &quot;Playfair Display&quot;, arial, helvetica, sans-serif;\"><span >Information Security is not enough to be taught, it must be lived project<\/span><\/span><\/b><\/h2><h5  class=\"\">Collaboration of experts and teachers in education for a safe cyber world.<\/h5>  <p  class=\"\"><span  style=\"color: rgb(84, 97, 122); font-family: Roboto, arial, helvetica, sans-serif;\">Febru\u00e1r \u2013 august 2023<\/span><br ><span  style=\"color: rgb(84, 97, 122); font-family: Roboto, arial, helvetica, sans-serif;\">\nRealiz\u00e1tor EISI, o.z. a partneri\n<br >with the financial support of <b >the SK-NIC Foundation<\/b><\/span><\/p> <a class=\"button null mdc-ripple-upgraded big color1\" href=\"https:\/\/forms.office.com\/e\/H6suaTr2KS\" target=\"_self\" data-cp-link=\"1\" data-icon=\"\" rel=\"noopener\">PRIHL\u00c1SI\u0164 SA<\/a><\/div> <div  class=\"col-xs-12 col-sm-6 flexbox around-xs top-xs image-group-right-2\"><div  class=\"left-el\"> <img  decoding=\"async\" class=\"mdc-elevation--z10 rounded\" data-size=\"300x430\" src=\"https:\/\/cyberawareness.sk\/wp-content\/uploads\/2023\/02\/cropped-markus-spiske-FXFz-sW0uwo-unsplash-scaled-1.jpg\"><\/div> <div  class=\"right-el\"> <img  decoding=\"async\" class=\"mdc-elevation--z10 rounded\" data-size=\"300x430\" src=\"https:\/\/cyberawareness.sk\/wp-content\/uploads\/2023\/02\/cropped-hans-peter-gauster-3y1zF4hIPCg-unsplash-scaled-1.jpg\"><\/div> <div  class=\"center-overlay inner-shadow border-large border-radius-8\"><\/div><\/div> <\/div><\/div> <\/div><!-- \/wp:extendstudio\/materialis--><!-- \/wp:extendstudio\/materialis--><div data-label=\"Content\" data-id=\"content--5\" data-export-id=\"content-5-materialis\" data-category=\"content\" class=\"content-5m content-section-spacing-large content-section\" id=\"content-5\"  style=\"background-color: rgb(245, 250, 253);\"><div class=\"gridContainer\" > <div class=\"row\" ><div class=\"col-xs-12 col-sm-8 col-sm-offset-2 space-bottom text-center col-padding-small-xs\" data-type=\"column\" ><p  class=\"\"><span style=\"color: rgb(250, 82, 82);\" ><b >Vzdel\u00e1vacie stredisko UPJ\u0160 Dani\u0161ovce 11-14.5.2023 (Spi\u0161sk\u00e1 Nov\u00e1 Ves)<\/b><\/span><\/p> <\/div> <div class=\"col-xs-12 text-center large\" data-type=\"column\" > <p class=\"lead\"  style=\"text-align: left;\"><span style=\"color: rgb(250, 82, 82);\" ><b >Obsah workshopu<\/b><\/span><br ><span style=\"color: rgb(0, 0, 0);\" >&#8211; predstavenie u\u010debnice, z\u00e1mery a ciele autorov<\/span><br ><span style=\"color: rgb(0, 0, 0);\" >&#8211; dve modelov\u00e9 hodiny informa\u010dn\u00e1 bezpe\u010dnos\u0165<\/span><br ><span style=\"color: rgb(0, 0, 0);\" >&#8211; u\u010ditelia diskutuj\u00fa a d\u00e1vaj\u00fa sp\u00e4tn\u00fa v\u00e4zbu<\/span><br ><span style=\"color: rgb(0, 0, 0);\" >&#8211; u\u010ditelia pracuj\u00fa v skupine po \u0161tyroch, vyber\u00fa si t\u00e9mu a uk\u00e1\u017eu, ako vystavaj\u00fa vyu\u010dovaciu hodinu<\/span><br ><span style=\"color: rgb(0, 0, 0);\" >&#8211; diskusia lektorov a \u00fa\u010dastn\u00edkov<\/span><br ><span style=\"color: rgb(0, 0, 0);\" >&#8211; vo\u013eno\u010dasov\u00e9 aktivity<\/span><br ><span style=\"color: rgb(0, 0, 0);\" ><span style=\"color: rgb(34, 138, 230);\" ><span style=\"color: rgb(0, 0, 0);\" >&#8211; zhrnutie a pl\u00e1n vyu\u010dovac\u00edch hod\u00edn pre \u017eiakov a vzdel\u00e1vania kolegov u\u010dite\u013eov<\/span>\n<\/span><\/span><span style=\"color: rgb(0, 0, 0);\" ><b ><span style=\"color: rgb(250, 82, 82);\" >\n<br >Organiza\u010dn\u00e9 inform\u00e1cie<\/span><\/b><\/span><br ><span style=\"color: rgb(0, 0, 0);\" >&#8211; \u00fa\u010dastn\u00edkom worskshopu je hraden\u00e9 ubytovanie a strava od stredy ve\u010dera 10.5 do nedele obeda 14.5.<\/span><br ><span style=\"color: rgb(0, 0, 0);\" >&#8211; pr\u00edchod nejnesk\u00f4r 10:00 vo \u0161tvrtok 11.5<\/span><br ><span style=\"color: rgb(0, 0, 0);\" >&#8211; dopravu na miesto hrad\u00ed \u00fa\u010dastn\u00edk<\/span><br ><span style=\"color: rgb(0, 0, 0);\" >&#8211; ka\u017ed\u00fd \u00fa\u010dastn\u00edk z\u00edska dva diely u\u010debnice<\/span><br ><span style=\"color: rgb(0, 0, 0);\" >&#8211; \u00fa\u010das\u0165ou na workshope sa \u00fa\u010dastn\u00edk zav\u00e4zuje odu\u010di\u0165 hodinu Informa\u010dn\u00e1 bezpe\u010dnos\u0165 pre \u0161tudentov a uskuto\u010dni\u0165 hodinov\u00e9 vzdel\u00e1vanie pre pedagogick\u00fdch pracovn\u00edkov a nap\u00edsa\u0165 a zasla\u0165 organiz\u00e1torovi z\u00e1vere\u010dn\u00fa spr\u00e1vu<\/span><br ><span style=\"color: rgb(0, 0, 0);\" >\n\n<br ><span style=\"color: rgb(250, 82, 82);\" ><b >lektor <\/b><\/span><b >Mgr. Marek Zeman, PhD. CRISC, vedeck\u00fd pracovn\u00edk<\/b><\/span><br ><span style=\"color: rgb(0, 0, 0);\" >\nFakulta informatiky a informa\u010dn\u00fdch technol\u00f3gi\u00ed Slovenskej technickej univerzity v Bratislave<\/span><br ><span style=\"color: rgb(0, 0, 0);\" >\n\u010dlen OZ Preventista, zdru\u017eenie pre bezpe\u010dnos\u0165 a prevenciu<\/span><br ><span style=\"color: rgb(0, 0, 0);\" ><span style=\"color: rgb(250, 82, 82);\" ><b >\n\n<br >metodi\u010dka<\/b><\/span>  <b >PaedDr. Katar\u00edna Vali\u010dkov\u00e1, MBA, LL.M.<\/b><\/span><br ><span style=\"color: rgb(0, 0, 0);\" >\n\u010dlen OZ Preventista, zdru\u017eenie pre bezpe\u010dnos\u0165 a prevenciu<\/span><br ><span style=\"color: rgb(0, 0, 0);\" ><b ><span style=\"color: rgb(250, 82, 82);\" >\n\n<br >didaktika a pr\u00e1ca s u\u010dite\u013emi <\/span> Mgr. Silvia \u0160tep\u00e1nkov\u00e1<\/b> u\u010dite\u013eka informatiky, lektorka Hejn\u00e9ho met\u00f3dy<\/span><br ><span style=\"color: rgb(0, 0, 0);\" >\n\n<br ><b ><span style=\"color: rgb(250, 82, 82);\" >u\u010debnice a metodick\u00e1 pr\u00edru\u010dka:<\/span> <\/b>U\u010debnica informa\u010dnej bezpe\u010dnosti pre stredn\u00e9 odborn\u00e9 \u0161koly a gymn\u00e1zi\u00e1, prv\u00e1 a druh\u00e1 \u010das\u0165<\/span><\/p> <a class=\"button null big color2\" href=\"https:\/\/preventista.sk\/info\/kniznica\" target=\"_self\" data-cp-link=\"1\" data-icon=\"\" rel=\"noopener\">U\u010debnice<\/a><p  class=\"lead\" style=\"text-align: left;\"><span style=\"color: rgb(0, 0, 0);\" >\u00da\u010dastn\u00edkov workshopu vyber\u00e1 na z\u00e1klade inform\u00e1ci\u00ed uveden\u00fdch vo formul\u00e1ri organiz\u00e1tor podujatia v spolupr\u00e1ci s lektormi. Cie\u013eom pilotn\u00e9ho projektu je zabezpe\u010di\u0165 \u00fa\u010das\u0165 u\u010dite\u013eov s r\u00f4znymi aprob\u00e1ciami, aspo\u0148 minim\u00e1lnymi sk\u00fasenos\u0165ami vo v\u00fduke informa\u010dnej alebo kybernetickej bezpe\u010dnosti a potenci\u00e1lom rozvoja spolupr\u00e1ce.<\/span><\/p><a class=\"button big mdc-elevation--z3 color1\" href=\"https:\/\/forms.office.com\/e\/H6suaTr2KS\" target=\"_self\" data-cp-link=\"1\" data-icon=\"\" rel=\"noopener\">Formul\u00e1r na prihl\u00e1senie<\/a><\/div> <\/div><\/div> <\/div><!-- Enter your scripts here --><!-- wp:extendstudio\/materialis--><div  data-label=\"About\" data-id=\"about--2\" data-export-id=\"about-8-materialis\" data-category=\"about\" class=\"about-8-materialis content-section content-section-spacing-large\" id=\"about-2\" style=\"background-color: rgb(245, 250, 253);\"><div  class=\"gridContainer\"> <div  class=\"row\"><div  class=\"col-xs-12 col-sm-offset-1 col-sm-10\"> <div  class=\"row padding-container mdc-elevation--z5 pos-rel bg-color-white\"><div  class=\"col-xs-12 col-sm-6 col-md-4 center-xs middle-xs div-image-text no-gutter-col\"> <div ><h5  class=\"text-left-sm h1 space-bottom-xs space-top-xs font-900\"><\/h5><\/div> <img  decoding=\"async\" src=\"https:\/\/cyberawareness.sk\/wp-content\/uploads\/2023\/02\/Projekt_infografika.jpg\"><\/div> <div  class=\"col-xs-12 col-sm-6 col-md-8 vertical-align-content padding-container\"><div  data-type=\"column\" class=\"\"><h3  class=\"\"><span  style=\"font-family: &quot;Playfair Display&quot;, arial, helvetica, sans-serif;\">Za\u010d\u00edname nov\u00fa kapitolu<\/span><\/h3> <\/div> <hr  class=\"hr-margin-negativ-2\"><div  class=\"row\"> <div  data-type=\"column\" class=\"col-xs-12 space-bottom-xs\"><p  style=\"color: #54617A; font-family: Roboto; font-size: 20px; font-style: italic; font-weight: 300; line-height: 26px;\" class=\"\"><span  style=\"font-style: normal;\">Projekt pre u\u010dite\u013eov <b >#IBtreba\u017ei\u0165 <\/b>nadva\u0308zuje na \u00faspe\u0161n\u00fd \u0161tudentsk\u00fd projekt <b >Nauc\u030c sa za\u0301klady informac\u030cnej bezpec\u030cnosti a vzdela\u0301vaj svoje okolie<\/b>.<br >\nU\u017e po\u010das pr\u00e1ce na \u0161kol\u00e1ch sme identifikovali niekol\u030cko za\u0301kladny\u0301ch poznatkov, ktore\u0301 sa snaz\u030ci\u0301me preniest\u030c do obsahu n\u00e1\u0161ho nov\u00e9ho projektu.<\/span><\/p> <p  style=\"color: #54617A; font-family: Roboto; font-size: 20px; font-style: italic; font-weight: 300; line-height: 26px;\" class=\"\"><span  style=\"font-style: normal;\">Prvy\u0301m poznatkom je, z\u030ce <b >u\u010ditelia maju\u0301 obrovsky\u0301 za\u0301ujem sa vzdela\u0301vat\u030c v oblasti informac\u030cnej a kybernetickej bezpec\u030cnosti. <\/b>Cha\u0301pu do\u0302lez\u030citost\u030c tejto te\u0301my a uvedomuju\u0301 si aktua\u0301lny stav. Su\u0301c\u030casne ch\u00e1peme, \u017ee \u0161koly potrebuj\u00fa udrz\u030catel\u030cny\u0301 spo\u0302sob vy\u0301uc\u030cby informac\u030cnej bezpec\u030cnosti, pri ktorom by sa uc\u030citelia nauc\u030cili, ako sa nach\u00e1dza\u0165 te\u0301my z oblasti informac\u030cnej bezpec\u030cnosti a ako ich u\u010di\u0165.<\/span><\/p><\/div> <\/div><\/div> <\/div><\/div> <\/div><\/div> <\/div><!-- \/wp:extendstudio\/materialis--><!-- wp:extendstudio\/materialis--><div  data-label=\"Content\" data-id=\"content--1\" data-export-id=\"content-5-materialis\" data-category=\"content\" class=\"content-5m content-section-spacing-large content-section\" id=\"content-1\" style=\"background-color: rgb(255, 255, 255);\"><div  class=\"gridContainer\"> <div  class=\"row\"><div  class=\"col-xs-12 col-sm-8 col-sm-offset-2 space-bottom text-center col-padding-small-xs\" data-type=\"column\"><h3  class=\"\"><span  style=\"font-family: &quot;Playfair Display&quot;, arial, helvetica, sans-serif;\">Pre\u010do potrebujeme spolupr\u00e1cu<\/span><\/h3> <\/div> <div  class=\"col-xs-12 text-center large\" data-type=\"column\"> <p  class=\"lead\"><span  style=\"color: rgb(84, 97, 122); font-family: Roboto, arial, helvetica, sans-serif;\">Zvys\u030covanie bezpec\u030cnostne\u0301ho povedomia nielen v Slovenskej republike, ale aj vo svete m\u00e1 pred sebou e\u0161te dlh\u00fa cestu. <b >Ch\u00fdbaj\u00fa n\u00e1m profesion\u00e1li aj lektori<\/b> a medzi ciel\u030covou skupinou a odborni\u0301kmi je st\u00e1le ve\u013ek\u00e1 priepas\u0165 napr\u00edklad v pouz\u030c\u00edvan\u00ed pojmov a pri\u0301kladoch.\n<\/span><br ><span  style=\"color: rgb(84, 97, 122); font-family: Roboto, arial, helvetica, sans-serif;\">\nOslovujeme pedagogicky\u0301ch zamestnancov \u2013 uc\u030citel\u030cov za\u0301kladny\u0301ch a stredny\u0301ch s\u030cko\u0302l, majstrov odbornej vy\u0301chovy a podobne, ktory\u0301m chceme uk\u00e1za\u0165 spo\u0302sob, ako zvys\u030covat\u030c povedomie v oblasti informac\u030cnej bezpec\u030cnosti.\n<\/span><br ><br ><span  style=\"color: rgb(84, 97, 122); font-family: Roboto, arial, helvetica, sans-serif;\"><b >\nH\u013ead\u00e1me u\u010dite\u013eov, ktor\u00ed chc\u00fa s nami spolupracova\u0165 na tvorbe metodiky a modelovej vyu\u010dovacej hodiny<\/b><\/span><\/p> <\/div> <\/div><\/div> <\/div><!-- \/wp:extendstudio\/materialis--><!-- wp:extendstudio\/materialis--><div  data-label=\"Content\" data-id=\"content--2\" data-export-id=\"content-5-materialis\" data-category=\"content\" class=\"content-5m content-section-spacing-large content-section\" id=\"content-2\" style=\"background-color: rgb(245, 250, 253);\"><div  class=\"gridContainer\"> <div  class=\"row\"><div  class=\"col-xs-12 col-sm-8 col-sm-offset-2 space-bottom text-center col-padding-small-xs\" data-type=\"column\"><h3  class=\"\"><span  style=\"font-family: &quot;Playfair Display&quot;, arial, helvetica, sans-serif;\">Uvedomujeme si aj aktua\u0301lnu situ\u00e1ciu<\/span><\/h3> <\/div> <div  class=\"col-xs-12 text-center large\" data-type=\"column\"> <p  class=\"lead\"><span  style=\"color: rgb(84, 97, 122);\">V su\u0301c\u030casnej dobe u\u017e existuje mnoz\u030cstvo vzdela\u0301vaci\u0301ch materia\u0301lov o informa\u010dnej \u010di kybernetickej bezpe\u010dnosti, ale  <b >ch\u00fdba systematick\u00fd spo\u0302sob vy\u0301uc\u030cby<\/b>. Pre informac\u030cnu\u0301 bezpec\u030cnost\u030c treba z\u00e1rove\u0148 vzdela\u0301vat\u030c vs\u030cetky\u0301ch uc\u030citel\u030cov.\n<\/span><br ><br ><span  style=\"color: rgb(84, 97, 122);\">\nNev\u00fdhodou na\u0301razovy\u0301ch aktivita\u0301ch je, \u017ee priepast\u030c medzi s\u030ctudentmi a uc\u030citel\u030cmi sa mo\u0302z\u030ce prehlbovat\u030c. Z tohto do\u0302vodu je potrebne\u0301 okrem obsahu rozvi\u0301jat\u030c aj formy, ako uc\u030cit\u030c informac\u030cnu\u0301 bezpec\u030cnost\u030c atrakti\u0301vne a zrozumitel\u030cne.\n<\/span><br ><br ><span  style=\"color: rgb(84, 97, 122);\">\nZameriavame sa preto na uc\u030citel\u030cov <b >informatiky, ale aj uc\u030citel\u030cov obc\u030cianskej na\u0301uky, na\u0301uky o spoloc\u030cnosti <\/b>a podobne.  Radi by sme vytvorili komunitu uc\u030citel\u030cov s ro\u0302znymi aproba\u0301ciami a zamerani\u0301m.<\/span><\/p> <\/div> <\/div><\/div> <\/div><!-- \/wp:extendstudio\/materialis--><!-- wp:extendstudio\/materialis--><div  data-label=\"Content\" data-id=\"content--3\" data-export-id=\"content-5-materialis\" data-category=\"content\" class=\"content-5m content-section-spacing-large content-section\" id=\"content-3\" style=\"background-color: rgb(255, 255, 255);\"><div  class=\"gridContainer\"> <div  class=\"row\"><div  class=\"col-xs-12 col-sm-8 col-sm-offset-2 space-bottom text-center col-padding-small-xs\" data-type=\"column\"><h3  class=\"\"><span  style=\"font-family: &quot;Playfair Display&quot;, arial, helvetica, sans-serif;\">N\u00e1\u0161 koncept<\/span><\/h3> <\/div> <div  class=\"col-xs-12 text-center large\" data-type=\"column\"> <p  class=\"lead\" style=\"text-align: left;\"><span  style=\"color: rgb(84, 97, 122);\">Koncept obsahuje za\u0301kladne\u0301 poznatky informa\u010dnej bezpe\u010dnosti a uka\u0301z\u030cky toho, ako ich uc\u030cit\u030c. Samotn\u00e1 kybernetick\u00e1 bezpe\u010dnos\u0165 je tak\u00e1 \u0161irok\u00e1 a dynamick\u00e1 t\u00e9ma, \u017ee jednorazov\u00e9 sylaby neposta\u010duj\u00fa online svetu.\n<\/span><br ><br ><span  style=\"color: rgb(84, 97, 122);\">\nV ra\u0301mci projektu predpoklada\u0301me zapoji\u0165 dve desiatky pedagogicky\u0301ch zamestnancov stredny\u0301ch s\u030cko\u0302l, vytvori\u0165 s nimi modelov\u00fa hodinu a vzdel\u00e1vacie sylaby a multiplikova\u0165 tento model.\n<\/span><br ><br ><span  style=\"color: rgb(84, 97, 122);\">\u2013 pri\u0301prava aktivi\u0301t<\/span><br ><span  style=\"color: rgb(84, 97, 122);\">\u2013 <b >workshop<\/b> pre pedagogicky\u0301ch zamestnancov v term\u00edne<b >&nbsp;11.- 14. m\u00e1ja 2023<\/b>&nbsp;(\u0161tvrtok \u2013 nede\u013ea)<\/span><br ><span  style=\"color: rgb(84, 97, 122);\">\u2013 <b >realiza\u0301cia aktivi\u0301t<\/b> pedagogicky\u0301mi zamestnancami na \u0161kol\u00e1ch pre u\u010dite\u013eov a \u017eiakov<\/span><br ><span  style=\"color: rgb(84, 97, 122);\">\u2013 <b >CyberSecurityDay 2023<\/b><\/span><br ><span  style=\"color: rgb(84, 97, 122);\">\u2013 spracovanie vy\u0301sledkov a vyhodnotenie projektu<\/span><br ><span  style=\"color: rgb(84, 97, 122);\">\n\n<br >V projekte s v\u010fakou spolupracujeme s \u010dlenmi <b >ob\u010dianskeho zdru\u017eenia Preventista<\/b> a pou\u017e\u00edvame<\/span><br ><span  style=\"color: rgb(84, 97, 122);\">\nU\u010debnicu informa\u010dnej bezpe\u010dnosti pre stredn\u00e9 odborn\u00e9 \u0161koly a gymn\u00e1zi\u00e1<\/span><\/p> <a class=\"link\" href=\"https:\/\/preventista.sk\/info\/kniznica\" target=\"_blank\" data-cp-link=\"1\" rel=\"noopener\">U\u010debnica informa\u010dnej bezpe\u010dnosti pre stredn\u00e9 odborn\u00e9 \u0161koly a gymn\u00e1zi\u00e1<\/a><\/div> <\/div><\/div> <\/div><!-- \/wp:extendstudio\/materialis--><!-- wp:extendstudio\/materialis--><div  data-label=\"Content\" data-id=\"content--4\" data-export-id=\"content-5-materialis\" data-category=\"content\" class=\"content-5m content-section-spacing-large content-section\" id=\"content-4\" style=\"background-color: rgb(245, 250, 253);\"><div  class=\"gridContainer\"> <div  class=\"row\"><div  class=\"col-xs-12 col-sm-8 col-sm-offset-2 space-bottom text-center col-padding-small-xs\" data-type=\"column\"><h3  class=\"\"><span  style=\"font-family: &quot;Playfair Display&quot;, arial, helvetica, sans-serif;\">Udr\u017eatel\u030cnost\u030c projektu<\/span><\/h3> <\/div> <div  class=\"col-xs-12 text-center large\" data-type=\"column\"> <p  class=\"lead\"><span  style=\"color: rgb(84, 97, 122);\">Modelova\u0301 spolupra\u0301ca a vzdela\u0301vacie materia\u0301ly su\u0301 replikovatel\u030cne\u0301 pre d\u030cals\u030cie s\u030ckoly a pedagogicky\u0301ch pracovni\u0301kov. V projekte bude v \u00favode vys\u030ckoleny\u0301ch dvadsa\u0165 u\u0301c\u030castni\u0301kov, ktori\u0301 sa budu\u0301 zi\u0301skane\u0301 vy\u0301sledky pouz\u030ci\u0301vat\u030c v pedagogickej praxi.\n<\/span><br ><br ><span  style=\"color: rgb(84, 97, 122);\">\nSpolupracuju\u0301ce organiza\u0301cia \u2013 <b >UPJS\u030c&nbsp;&nbsp;<\/b>sa dlhodobo venujue s\u030ci\u0301reniu bezpec\u030cnostne\u0301ho povedomia a vzdela\u0301vaniu s\u030ctudentov a uc\u030citel\u030cov. Participuju\u0301ce organiza\u0301cie prevezmu\u0301 vytvorenu\u0301 metodiku ako aj sku\u0301senosti z pilotne\u0301ho testovania a budu\u0301 tieto poznatky vyuz\u030ci\u0301vat\u030c v ra\u0301mci svojich d\u030cals\u030ci\u0301ch vzdela\u0301vaci\u0301ch aktivi\u0301t.\n<\/span><br ><br ><span  style=\"color: rgb(84, 97, 122);\">\nProjekt podporuje rozvoj komunity uc\u030citel\u030cov a iny\u0301ch pedagogicky\u0301ch pracovni\u0301kov, aby zi\u0301skane\u0301 poznatky posu\u0301vali kolegom v skupina\u0301ch.<\/span><br ><span  style=\"color: rgb(84, 97, 122);\">\nKontakt: <b >csirt-awareness@upjs.sk<\/b><\/span><\/p> <\/div> <\/div><\/div> <\/div><!-- \/wp:extendstudio\/materialis--><!-- wp:extendstudio\/materialis--><div  data-label=\"Clients\" data-id=\"clients--1\" data-export-id=\"clients-2\" data-category=\"clients\" class=\"clients-2 content-section content-section-spacing-large\" id=\"clients-1\" style=\"background-color: rgb(255, 255, 255);\"><div  class=\"gridContainer\"> <div  class=\"row\"><div  class=\"section-title-col\" data-type=\"column\"> <h2  class=\"font-700\">Partneri a sponzori<\/h2> <\/div> <\/div> <div  class=\"row center-xs spaced-cols middle-sm\" data-type=\"row\"> <div  class=\"col-xs-6 col-sm-3\"> <img  decoding=\"async\" src=\"https:\/\/cyberawareness.sk\/wp-content\/uploads\/2022\/08\/EISI_logotyp.png\" class=\"\"><a class=\"link\" href=\"https:\/\/eisionline.org\/index.php\/sk\" target=\"_blank\" data-cp-link=\"1\" rel=\"noopener\">Hlavn\u00fd partner<\/a><\/div> <div  class=\"col-xs-6 col-sm-3\"> <img  decoding=\"async\" src=\"https:\/\/cyberawareness.sk\/wp-content\/uploads\/2022\/04\/csirt_logo.png\" class=\"\"><a class=\"link\" href=\"https:\/\/csirt.upjs.sk\" target=\"_blank\" data-cp-link=\"1\" rel=\"noopener\">Partner<\/a><\/div>  <div  class=\"col-xs-6 col-sm-3\"> <img  decoding=\"async\" src=\"https:\/\/cyberawareness.sk\/wp-content\/uploads\/2022\/04\/fond_png.png\" class=\"\"><a class=\"link\" href=\"https:\/\/sk-nic.sk\/pt\/fond-sk-nic\" target=\"_blank\" data-cp-link=\"1\" rel=\"noopener\">Sponzor<\/a><\/div> <\/div><\/div> <\/div>","protected":false},"excerpt":{"rendered":"<p>Informa\u010dn\u00fa bezpe\u010dnos\u0165 nesta\u010d\u00ed u\u010di\u0165, treba ju \u017ei\u0165 Spolupr\u00e1ca odborn\u00edkov a u\u010dite\u013eov vo vzdel\u00e1van\u00ed pre bezpe\u010dn\u00fd kybernetick\u00fd svet. Febru\u00e1r \u2013 august 2023 Realiz\u00e1tor EISI, o.z. a partneri s finan\u010dnou podporou Fondu SK-NICu PRIHL\u00c1SI\u0164 SA Za\u010d\u00edname nov\u00fa kapitolu Projekt pre u\u010dite\u013eov #IBtreba\u017ei\u0165 nadva\u0308zuje na \u00faspe\u0161n\u00fd \u0161tudentsk\u00fd projekt Nauc\u030c sa za\u0301klady informac\u030cnej bezpec\u030cnosti a vzdela\u0301vaj svoje okolie. U\u017e [&hellip;]<\/p>\n","protected":false},"author":1,"featured_media":0,"parent":0,"menu_order":0,"comment_status":"closed","ping_status":"closed","template":"pro\/page-templates\/full-width-page.php","meta":{"ocean_post_layout":"","ocean_both_sidebars_style":"","ocean_both_sidebars_content_width":0,"ocean_both_sidebars_sidebars_width":0,"ocean_sidebar":"","ocean_second_sidebar":"","ocean_disable_margins":"enable","ocean_add_body_class":"","ocean_shortcode_before_top_bar":"","ocean_shortcode_after_top_bar":"","ocean_shortcode_before_header":"","ocean_shortcode_after_header":"","ocean_has_shortcode":"","ocean_shortcode_after_title":"","ocean_shortcode_before_footer_widgets":"","ocean_shortcode_after_footer_widgets":"","ocean_shortcode_before_footer_bottom":"","ocean_shortcode_after_footer_bottom":"","ocean_display_top_bar":"default","ocean_display_header":"default","ocean_header_style":"","ocean_center_header_left_menu":"","ocean_custom_header_template":"","ocean_custom_logo":0,"ocean_custom_retina_logo":0,"ocean_custom_logo_max_width":0,"ocean_custom_logo_tablet_max_width":0,"ocean_custom_logo_mobile_max_width":0,"ocean_custom_logo_max_height":0,"ocean_custom_logo_tablet_max_height":0,"ocean_custom_logo_mobile_max_height":0,"ocean_header_custom_menu":"","ocean_menu_typo_font_family":"","ocean_menu_typo_font_subset":"","ocean_menu_typo_font_size":0,"ocean_menu_typo_font_size_tablet":0,"ocean_menu_typo_font_size_mobile":0,"ocean_menu_typo_font_size_unit":"px","ocean_menu_typo_font_weight":"","ocean_menu_typo_font_weight_tablet":"","ocean_menu_typo_font_weight_mobile":"","ocean_menu_typo_transform":"","ocean_menu_typo_transform_tablet":"","ocean_menu_typo_transform_mobile":"","ocean_menu_typo_line_height":0,"ocean_menu_typo_line_height_tablet":0,"ocean_menu_typo_line_height_mobile":0,"ocean_menu_typo_line_height_unit":"","ocean_menu_typo_spacing":0,"ocean_menu_typo_spacing_tablet":0,"ocean_menu_typo_spacing_mobile":0,"ocean_menu_typo_spacing_unit":"","ocean_menu_link_color":"","ocean_menu_link_color_hover":"","ocean_menu_link_color_active":"","ocean_menu_link_background":"","ocean_menu_link_hover_background":"","ocean_menu_link_active_background":"","ocean_menu_social_links_bg":"","ocean_menu_social_hover_links_bg":"","ocean_menu_social_links_color":"","ocean_menu_social_hover_links_color":"","ocean_disable_title":"default","ocean_disable_heading":"default","ocean_post_title":"","ocean_post_subheading":"","ocean_post_title_style":"","ocean_post_title_background_color":"","ocean_post_title_background":0,"ocean_post_title_bg_image_position":"","ocean_post_title_bg_image_attachment":"","ocean_post_title_bg_image_repeat":"","ocean_post_title_bg_image_size":"","ocean_post_title_height":0,"ocean_post_title_bg_overlay":0.5,"ocean_post_title_bg_overlay_color":"","ocean_disable_breadcrumbs":"default","ocean_breadcrumbs_color":"","ocean_breadcrumbs_separator_color":"","ocean_breadcrumbs_links_color":"","ocean_breadcrumbs_links_hover_color":"","ocean_display_footer_widgets":"default","ocean_display_footer_bottom":"default","ocean_custom_footer_template":"","footnotes":""},"class_list":["post-1157","page","type-page","status-publish","hentry","entry"],"_links":{"self":[{"href":"https:\/\/cyberawareness.sk\/en\/wp-json\/wp\/v2\/pages\/1157","targetHints":{"allow":["GET"]}}],"collection":[{"href":"https:\/\/cyberawareness.sk\/en\/wp-json\/wp\/v2\/pages"}],"about":[{"href":"https:\/\/cyberawareness.sk\/en\/wp-json\/wp\/v2\/types\/page"}],"author":[{"embeddable":true,"href":"https:\/\/cyberawareness.sk\/en\/wp-json\/wp\/v2\/users\/1"}],"replies":[{"embeddable":true,"href":"https:\/\/cyberawareness.sk\/en\/wp-json\/wp\/v2\/comments?post=1157"}],"version-history":[{"count":27,"href":"https:\/\/cyberawareness.sk\/en\/wp-json\/wp\/v2\/pages\/1157\/revisions"}],"predecessor-version":[{"id":1230,"href":"https:\/\/cyberawareness.sk\/en\/wp-json\/wp\/v2\/pages\/1157\/revisions\/1230"}],"wp:attachment":[{"href":"https:\/\/cyberawareness.sk\/en\/wp-json\/wp\/v2\/media?parent=1157"}],"curies":[{"name":"wp","href":"https:\/\/api.w.org\/{rel}","templated":true}]}}